{"id":2518,"date":"2022-08-08T08:47:04","date_gmt":"2022-08-08T06:47:04","guid":{"rendered":"https:\/\/nexus-avocats.ch\/?post_type=project&#038;p=2518"},"modified":"2025-02-03T12:00:27","modified_gmt":"2025-02-03T11:00:27","slug":"clement-jaton","status":"publish","type":"project","link":"https:\/\/nexus-avocats.ch\/de\/avocats\/clement-jaton\/","title":{"rendered":"Cl\u00e9ment Jaton"},"content":{"rendered":"<h2>Cl\u00e9ment Jaton ist ein pragmatischer, neugieriger und entschlossener Anwalt.<\/h2>\n<p>Cl\u00e9ment Jaton ber\u00e4t und begleitet Unternehmen aller Gr\u00f6ssen sowie Unternehmer im Zusammenhang mit der Entwicklung ihrer Projekte und ihrer T\u00e4tigkeiten.<\/p>\n<p>Zu seinen T\u00e4tigkeitsbereichen geh\u00f6ren Vertragsrecht, Fusionen und \u00dcbernahmen (M&amp;A), Risikokapital (<em>Venture Capital<\/em>) und Immobiliengesch\u00e4fte, insbesondere Entwicklung und Transaktionen.<\/p>\n<p>Nach seinem Abschluss an der Universit\u00e4t Fribourg, wo er w\u00e4hrend seines Studiums Austauschaufenthalte in Z\u00fcrich, London und Shanghai absolvierte, erhielt er 2016 sein Anwaltspatent in Genf. Er ist Mitbegr\u00fcnder mehrerer Startups und nutzt seine unternehmerische Erfahrung, um seinen Klienten eine umsetzbare und pr\u00e4zise Rechtsberatung zu bieten.<\/p>\n<p>Neben seiner T\u00e4tigkeit als Anwalt ist er Mitglied in mehreren Verwaltungsr\u00e4ten und im Vorstand der Stiftung HES-SO Gen\u00e8ve pour le logement \u00e9tudiant \u2013 Geloge. Er h\u00e4lt regelm\u00e4ssig Vortr\u00e4ge an der ECAL, der EPFL und der HEAD und arbeitet eng mit Startup-Inkubatoren zusammen. Er arbeitet auch mit verschiedenen Institutionen zusammen, die in der Welt des Designs und der Kultur aktiv sind, darunter Pro Helvetia und die Swiss Design Association.<\/p>\n","protected":false},"excerpt":{"rendered":"<p>Cl\u00e9ment Jaton ist ein pragmatischer, neugieriger und entschlossener Anwalt. Cl\u00e9ment Jaton ber\u00e4t und begleitet Unternehmen aller Gr\u00f6ssen sowie Unternehmer im Zusammenhang mit der Entwicklung ihrer Projekte und ihrer T\u00e4tigkeiten. Zu seinen T\u00e4tigkeitsbereichen geh\u00f6ren Vertragsrecht, Fusionen und \u00dcbernahmen (M&amp;A), Risikokapital (Venture Capital) und Immobiliengesch\u00e4fte, insbesondere Entwicklung und Transaktionen. Nach seinem Abschluss an der Universit\u00e4t Fribourg, wo [&hellip;]<\/p>\n","protected":false},"author":1,"featured_media":2574,"template":"","meta":{"_acf_changed":false,"_et_pb_use_builder":"","_et_pb_old_content":"","_et_gb_content_width":"","inline_featured_image":false,"footnotes":""},"project_category":[84,78,79,77],"project_tag":[81],"class_list":["post-2518","project","type-project","status-publish","has-post-thumbnail","hentry","project_category-baurecht-immobilien-und-energie","project_category-corporate-und-ma","project_category-start-ups-und-venture-capital","project_category-wirtschafts-und-vertragsrecht","project_tag-partner-de"],"acf":[],"_links":{"self":[{"href":"https:\/\/nexus-avocats.ch\/de\/wp-json\/wp\/v2\/project\/2518","targetHints":{"allow":["GET"]}}],"collection":[{"href":"https:\/\/nexus-avocats.ch\/de\/wp-json\/wp\/v2\/project"}],"about":[{"href":"https:\/\/nexus-avocats.ch\/de\/wp-json\/wp\/v2\/types\/project"}],"author":[{"embeddable":true,"href":"https:\/\/nexus-avocats.ch\/de\/wp-json\/wp\/v2\/users\/1"}],"version-history":[{"count":0,"href":"https:\/\/nexus-avocats.ch\/de\/wp-json\/wp\/v2\/project\/2518\/revisions"}],"wp:featuredmedia":[{"embeddable":true,"href":"https:\/\/nexus-avocats.ch\/de\/wp-json\/wp\/v2\/media\/2574"}],"wp:attachment":[{"href":"https:\/\/nexus-avocats.ch\/de\/wp-json\/wp\/v2\/media?parent=2518"}],"wp:term":[{"taxonomy":"project_category","embeddable":true,"href":"https:\/\/nexus-avocats.ch\/de\/wp-json\/wp\/v2\/project_category?post=2518"},{"taxonomy":"project_tag","embeddable":true,"href":"https:\/\/nexus-avocats.ch\/de\/wp-json\/wp\/v2\/project_tag?post=2518"}],"curies":[{"name":"wp","href":"https:\/\/api.w.org\/{rel}","templated":true}]}}